{"id":3075,"date":"2021-03-16T10:20:07","date_gmt":"2021-03-16T09:20:07","guid":{"rendered":"https:\/\/logosite-prod.logotel.it\/we\/"},"modified":"2024-04-04T16:05:21","modified_gmt":"2024-04-04T15:05:21","slug":"we","status":"publish","type":"page","link":"https:\/\/www.logotel.it\/en\/about\/we\/","title":{"rendered":"We"},"content":{"rendered":"<nav class=\"lglt-menuOdContent is-style-lglt--background__black\"><div class=\"lglt-menuOdContent__container\"><ul class=\"lglt-menuOdContent__menu\"><li class=\"lglt-menuOdContent__element\"><a href=\"#who-we-are\">About<\/a><\/li><li class=\"lglt-menuOdContent__element\"><a href=\"#places\">places<\/a><\/li><li class=\"lglt-menuOdContent__element\"><a href=\"#awards\">Award<\/a><\/li><li class=\"lglt-menuOdContent__element\"><a href=\"#history\">History<\/a><\/li><\/ul><\/div><\/nav>\n\n\n<section class=\"wp-block-lgtl-section alignfull has-bianco-color has-nero-background-color has-text-color has-background\" id=\"who-we-are\" data-name=\"About\"><div class=\"lgtl-section--inner\">\n<header class=\"wp-block-lgtl-custom-title lgtl-title\"><span class=\"wp-block-lgtl-custom-title__description lgtl-title__description\"><\/span><h4 class=\"wp-block-lgtl-custom-title__section lgtl-title__section\"><\/h4><div class=\"wp-block-columns\"><div class=\"wp-block-column\"><h3 class=\"wp-block-lgtl-custom-title__title lgtl-title__title\">Independent Design Company&nbsp;<\/h3><\/div><div class=\"wp-block-column\"><div class=\"wp-block-lgtl-custom-title__content lgtl-title__content\"><p>Since 1993, we design innovative services, experiences, systems, and platforms on an international scale. We work with a People &amp; community driven approach to generate positive impacts and scale them. With a team of over 280 professionals, we support businesses and organizations in order for them to understand the sense of transformations and shape original, measurable and meliorative results. Our headquarter is in Milan, in a space of 3500 square meters, and we boast an international presence with a branch in Paris and one in Madrid. Every year we work with over 60 clients, involving over 65 thousand people in design, change, communication, and training projects. We support more than 250 thousand people daily with over 45 business communities<\/p><\/div><\/div><\/div><\/header>\n\n\n\n<ul class=\"wp-block-lgtl-contenitore has-4-columns\">\n<li class=\"wp-block-lgtl-counter is-style-description lgtl-counter\"><div class=\"lgtl-li--inner\"><i class=\"lgtl-icon lglt-icons--user\"><svg width=\"48\" height=\"48\" xmlns=\"http:\/\/www.w3.org\/2000\/svg\">\n  <path d=\"M42 42.5h-3v-5.676c0-2.282-2.113-3.264-5.562-4.677-2.17-.889-4.416-1.809-6.094-3.397-.562-.531-.853-1.123-.865-1.758-.017-1.015.654-1.696 1.302-2.354 1.183-1.2 2.969-3.014 2.969-7.974C30.75 9.871 27.41 9 24.5 9s-6.25.871-6.25 7.664c0 4.96 1.786 6.774 2.969 7.974.648.658 1.319 1.339 1.302 2.354-.012.635-.303 1.227-.866 1.758-1.677 1.588-3.923 2.508-6.093 3.397C12.113 33.56 10 34.542 10 36.824V42.5H7v-5.676c0-4.411 3.944-6.027 7.425-7.453 1.74-.713 3.535-1.448 4.803-2.479l-.147-.15c-1.339-1.358-3.831-3.888-3.831-10.078C15.25 7.85 20.28 6 24.5 6s9.25 1.85 9.25 10.664c0 6.19-2.492 8.72-3.831 10.078l-.143.146c1.301 1.049 3.077 1.777 4.799 2.483C38.056 30.797 42 32.413 42 36.824V42.5z\" fill=\"#101010\" fill-rule=\"evenodd\"\/>\n<\/svg><\/i><h4 class=\"lgtl-counter--title\">Our People<\/h4><div><p class=\"lgtl-counter--content\"><span class=\"lgtl-counter--prefix\"><\/span><span class=\"lgtl-counter--number\">280<\/span><span class=\"lgtl-counter--suffix\">+<\/span><\/p><\/div><\/div><\/li>\n\n\n\n<li class=\"wp-block-lgtl-counter is-style-description lgtl-counter\"><div class=\"lgtl-li--inner\"><i class=\"lgtl-icon lglt-icons--office\"><svg width=\"48\" height=\"48\" xmlns=\"http:\/\/www.w3.org\/2000\/svg\">\n  <path d=\"M24 5L7 20.455v22.322h34V20.455L24 5zM10 21.782L24 9.054l13.999 12.728v17.996H10V21.782z\" fill=\"#101010\" fill-rule=\"evenodd\"\/>\n<\/svg><\/i><h4 class=\"lgtl-counter--title\">Offices mq<\/h4><div><p class=\"lgtl-counter--content\"><span class=\"lgtl-counter--prefix\">+<\/span><span class=\"lgtl-counter--number\">3500<\/span><span class=\"lgtl-counter--suffix\"><\/span><\/p><\/div><\/div><\/li>\n\n\n\n<li class=\"wp-block-lgtl-counter is-style-description lgtl-counter\"><div class=\"lgtl-li--inner\"><i class=\"lgtl-icon lglt-icons--langauge\"><svg width=\"48\" height=\"48\" xmlns=\"http:\/\/www.w3.org\/2000\/svg\">\n  <path d=\"M26.984 40.72c2.024-2.688 3.441-5.793 4.238-9.32h8.06c-2.34 4.81-6.872 8.354-12.298 9.32zM8.718 31.4h8.06c.796 3.527 2.213 6.632 4.237 9.32-5.426-.966-9.957-4.51-12.297-9.32zM21.015 7.28c-2.024 2.69-3.44 5.794-4.239 9.32H8.718c2.34-4.811 6.871-8.354 12.297-9.32zm7.321 9.32h-8.672c.83-3.298 2.26-6.153 4.336-8.587 2.076 2.434 3.505 5.289 4.336 8.587zM7 24c0-1.595.236-3.134.65-4.6h8.634A35.857 35.857 0 0016 24c0 1.598.094 3.13.284 4.6H7.65A16.915 16.915 0 017 24zm12.108 4.6A33.243 33.243 0 0118.8 24c0-1.614.106-3.145.31-4.6h9.782c.203 1.455.31 2.986.31 4.6 0 1.615-.107 3.145-.31 4.6h-9.783zm.556 2.8h8.672c-.83 3.3-2.26 6.154-4.336 8.588-2.077-2.434-3.506-5.288-4.336-8.587zM41 24c0 1.596-.237 3.135-.65 4.6h-8.635c.19-1.47.285-3.002.285-4.6 0-1.598-.095-3.131-.285-4.6h8.635c.413 1.466.65 3.005.65 4.6zm-1.719-7.4h-8.058c-.798-3.526-2.215-6.63-4.239-9.32 5.426.966 9.957 4.509 12.297 9.32zM24.001 4C12.953 4 4 12.954 4 24s8.953 20 20 20c11.045 0 20-8.954 20-20S35.045 4 24 4z\" fill=\"#101010\" fill-rule=\"evenodd\"\/>\n<\/svg><\/i><h4 class=\"lgtl-counter--title\">Clients<\/h4><div><p class=\"lgtl-counter--content\"><span class=\"lgtl-counter--prefix\"><\/span><span class=\"lgtl-counter--number\">60<\/span><span class=\"lgtl-counter--suffix\">+<\/span><\/p><\/div><\/div><\/li>\n\n\n\n<li class=\"wp-block-lgtl-counter is-style-description lgtl-counter\"><div class=\"lgtl-li--inner\"><i class=\"lgtl-icon lglt-icons--laptop\"><svg width=\"49\" height=\"48\" viewBox=\"0 0 49 48\" fill=\"none\" xmlns=\"http:\/\/www.w3.org\/2000\/svg\">\n<path fill-rule=\"evenodd\" clip-rule=\"evenodd\" d=\"M9.8548 13.9501V32.7276H39.1448V13.9501H9.8548ZM43.4948 13.8776C43.4948 11.5151 41.5798 9.6001 39.2173 9.6001H9.7823C7.4198 9.6001 5.5048 11.5151 5.5048 13.8776V34.8301H1.2998V39.1801H47.6998V34.8301H43.4948V13.8776Z\" fill=\"#00000F\"\/>\n<\/svg>\n<\/i><h4 class=\"lgtl-counter--title\">Business Communities<\/h4><div><p class=\"lgtl-counter--content\"><span class=\"lgtl-counter--prefix\">+<\/span><span class=\"lgtl-counter--number\">50<\/span><span class=\"lgtl-counter--suffix\"><\/span><\/p><\/div><\/div><\/li>\n\n\n\n<li class=\"wp-block-lgtl-counter is-style-description lgtl-counter\"><div class=\"lgtl-li--inner\"><i class=\"lgtl-icon lglt-icons--wifi\"><svg width=\"55\" height=\"51\" viewBox=\"0 0 55 51\" fill=\"none\" xmlns=\"http:\/\/www.w3.org\/2000\/svg\">\n<path fill-rule=\"evenodd\" clip-rule=\"evenodd\" d=\"M2.88817 19.2853C16.7032 5.47034 39.1003 5.47034 52.9154 19.2853L54.8719 21.2418L50.9591 25.1551L49.0026 23.1985C37.3485 11.5446 18.455 11.5446 6.80098 23.1985L4.84445 25.1551L0.931641 21.2418L2.88817 19.2853ZM12.1419 28.4769C20.8653 19.786 34.9818 19.7974 43.6922 28.5082L45.6487 30.4648L41.7357 34.378L39.7793 32.4214C33.2194 25.8612 22.5838 25.8607 16.0243 32.4206L15.9946 32.4502L13.9484 34.3762L10.1558 30.3463L12.1419 28.4769ZM21.3337 37.732C24.961 34.1045 30.8426 34.1045 34.4699 37.732L36.4263 39.6886L32.5134 43.6017L30.5569 41.6451C29.0907 40.1788 26.7128 40.1788 25.2466 41.6451L23.2902 43.6017L19.3772 39.6886L21.3337 37.732Z\" fill=\"white\"\/>\n<\/svg>\n<\/i><h4 class=\"lgtl-counter--title\">Communities Users<\/h4><div><p class=\"lgtl-counter--content\"><span class=\"lgtl-counter--prefix\">+<\/span><span class=\"lgtl-counter--number\">250<\/span><span class=\"lgtl-counter--suffix\">k<\/span><\/p><\/div><\/div><\/li>\n\n\n\n<li class=\"wp-block-lgtl-counter is-style-description lgtl-counter\"><div class=\"lgtl-li--inner\"><i class=\"lgtl-icon lglt-icons--support\"><svg width=\"50\" height=\"51\" viewBox=\"0 0 50 51\" fill=\"none\" xmlns=\"http:\/\/www.w3.org\/2000\/svg\">\n<path fill-rule=\"evenodd\" clip-rule=\"evenodd\" d=\"M0.833984 25.6231C0.833984 12.276 11.6535 1.45642 25.0007 1.45642C38.3478 1.45642 49.1673 12.276 49.1673 25.6231V40.2238C49.1673 42.8374 48.7447 45.1938 47.5701 46.9558C46.2874 48.8798 44.3171 49.7898 42.0348 49.7898H27.6019V45.2585H42.0348C42.9971 45.2585 43.4603 44.9517 43.7999 44.4423C44.11 43.9771 44.3917 43.2133 44.5356 42.0388C43.7574 42.3301 42.9147 42.4894 42.0348 42.4894C38.0954 42.4894 34.9023 39.2963 34.9023 35.3569V30.49C34.9023 26.5506 38.0954 23.3575 42.0348 23.3575H44.5068C43.3835 13.5801 35.079 5.98767 25.0007 5.98767C14.9223 5.98767 6.61777 13.5801 5.49452 23.3575H7.96651C11.9059 23.3575 15.099 26.5506 15.099 30.49V35.3569C15.099 39.2963 11.9059 42.4894 7.96651 42.4894C4.02709 42.4894 0.833984 39.2963 0.833984 35.3569V25.6231ZM5.36523 27.8887V35.3569C5.36523 36.7938 6.52963 37.9582 7.96651 37.9582C9.40339 37.9582 10.5678 36.7938 10.5678 35.3569V30.49C10.5678 29.0531 9.40339 27.8887 7.96651 27.8887H5.36523ZM44.6361 27.8887H42.0348C40.5979 27.8887 39.4335 29.0531 39.4335 30.49V35.3569C39.4335 36.7938 40.5979 37.9582 42.0348 37.9582C43.4717 37.9582 44.6361 36.7938 44.6361 35.3569V27.8887Z\" fill=\"white\"\/>\n<\/svg>\n<\/i><h4 class=\"lgtl-counter--title\">People Trained every year<\/h4><div><p class=\"lgtl-counter--content\"><span class=\"lgtl-counter--prefix\">+<\/span><span class=\"lgtl-counter--number\">65<\/span><span class=\"lgtl-counter--suffix\">k<\/span><\/p><\/div><\/div><\/li>\n\n\n\n<li class=\"wp-block-lgtl-counter is-style-description lgtl-counter\"><div class=\"lgtl-li--inner\"><i class=\"lgtl-icon lglt-icons--news\"><svg width=\"50\" height=\"51\" viewBox=\"0 0 50 51\" fill=\"none\" xmlns=\"http:\/\/www.w3.org\/2000\/svg\">\n<path fill-rule=\"evenodd\" clip-rule=\"evenodd\" d=\"M0.833008 7.74609H40.4059V36.293C40.4059 37.4038 40.6821 37.8208 40.8374 37.9761C40.9927 38.1314 41.4097 38.4076 42.5205 38.4076C43.6313 38.4076 44.0483 38.1314 44.2036 37.9761C44.3589 37.8208 44.6351 37.4038 44.6351 36.293V7.74609H49.1663V36.293C49.1663 38.1023 48.7125 39.8754 47.4077 41.1802C46.1029 42.4849 44.3298 42.9388 42.5205 42.9388H9.66895C7.12961 42.9388 4.80897 42.3024 3.13917 40.6326C1.46938 38.9628 0.833008 36.6422 0.833008 34.1029V7.74609ZM36.1151 38.4076C35.9465 37.7265 35.8747 37.0126 35.8747 36.293V12.2773H5.36426V34.1029C5.36426 35.9437 5.82294 36.9083 6.34325 37.4286C6.86356 37.9489 7.82808 38.4076 9.66895 38.4076H36.1151ZM9.59342 18.6966H31.6455V23.2279H9.59342V18.6966ZM9.59342 27.457H16.3148V31.9883H9.59342V27.457ZM20.5439 27.457H31.6455V31.9883H20.5439V27.457Z\" fill=\"white\"\/>\n<\/svg>\n<\/i><h4 class=\"lgtl-counter--title\">Weconomy Books<\/h4><div><p class=\"lgtl-counter--content\"><span class=\"lgtl-counter--prefix\">+<\/span><span class=\"lgtl-counter--number\">16<\/span><span class=\"lgtl-counter--suffix\"><\/span><\/p><\/div><\/div><\/li>\n<\/ul>\n\n\n\n<figure class=\"wp-block-video\"><video controls poster=\"https:\/\/www.logotel.it\/wp-content\/uploads\/2021\/03\/Anteprima_VIDEO_HELLO.jpg\" src=\"https:\/\/www.logotel.it\/wp-content\/uploads\/2021\/03\/Hello_we_are_logotel_2021_v.04_RF24.5.mp4\"><\/video><\/figure>\n<\/div><\/section>\n\n\n\n<section class=\"wp-block-lgtl-section\" id=\"places\" data-name=\"places\"><div class=\"lgtl-section--inner\">\n<header class=\"wp-block-lgtl-custom-title lgtl-title\"><span class=\"wp-block-lgtl-custom-title__description lgtl-title__description\">OUR SPACES<\/span><h4 class=\"wp-block-lgtl-custom-title__section lgtl-title__section\"><\/h4><div class=\"wp-block-columns\"><div class=\"wp-block-column\"><h3 class=\"wp-block-lgtl-custom-title__title lgtl-title__title\"><strong>Welcome, where good ideas are born, grow up, and live.<\/strong> <\/h3><\/div><div class=\"wp-block-column\"><div class=\"wp-block-lgtl-custom-title__content lgtl-title__content\"><p><strong>If we don\u2019t meet on call, we can meet here.<\/strong> Our doors are always open for the ones who wish to collaborte on a project with multidisciplinary teams, blending different skills and experiences. Our surroundings influence our workstyle: our spaces are designed to stimulate collaboration, creativity, and facilitate training activities in small teams or larger groups. A space full of blackboards to fill with ideas. E s\u00ec, ci vengono bene anche le pause caff\u00e8. In un muro qualcuno pu\u00f2 vederci un ostacolo. Noi ci vediamo lavagne da riempire di idee. <\/p><\/div><\/div><\/div><\/header>\n\n\n\n<div class=\"wp-block-lgtl-gallery-wrapper alignfull lgtl-slick-images\">\n<figure class=\"wp-block-image size-large\"><a href=\"https:\/\/www.logotel.it\/wp-content\/uploads\/2021\/03\/HEADQUARTER_Logotel01.jpg\"><img loading=\"lazy\" width=\"1024\" height=\"512\" src=\"https:\/\/www.logotel.it\/wp-content\/uploads\/2021\/03\/HEADQUARTER_Logotel01-1024x512.jpg\" alt=\"\" class=\"wp-image-1054\" srcset=\"https:\/\/www.logotel.it\/wp-content\/uploads\/2021\/03\/HEADQUARTER_Logotel01-1024x512.jpg 1024w, https:\/\/www.logotel.it\/wp-content\/uploads\/2021\/03\/HEADQUARTER_Logotel01-300x150.jpg 300w, https:\/\/www.logotel.it\/wp-content\/uploads\/2021\/03\/HEADQUARTER_Logotel01-1536x768.jpg 1536w, https:\/\/www.logotel.it\/wp-content\/uploads\/2021\/03\/HEADQUARTER_Logotel01-1568x784.jpg 1568w, https:\/\/www.logotel.it\/wp-content\/uploads\/2021\/03\/HEADQUARTER_Logotel01.jpg 2048w, https:\/\/www.logotel.it\/wp-content\/uploads\/2021\/03\/HEADQUARTER_Logotel01-300x150@2x.jpg 600w\" sizes=\"(max-width: 1024px) 100vw, 1024px\" \/><\/a><\/figure>\n\n\n\n<figure class=\"wp-block-image size-large\"><a href=\"https:\/\/www.logotel.it\/wp-content\/uploads\/2021\/03\/HEADQUARTER_Logotel02.jpg\"><img loading=\"lazy\" width=\"1024\" height=\"512\" src=\"https:\/\/www.logotel.it\/wp-content\/uploads\/2021\/03\/HEADQUARTER_Logotel02-1024x512.jpg\" alt=\"\" class=\"wp-image-1050\" srcset=\"https:\/\/www.logotel.it\/wp-content\/uploads\/2021\/03\/HEADQUARTER_Logotel02-1024x512.jpg 1024w, https:\/\/www.logotel.it\/wp-content\/uploads\/2021\/03\/HEADQUARTER_Logotel02-300x150.jpg 300w, https:\/\/www.logotel.it\/wp-content\/uploads\/2021\/03\/HEADQUARTER_Logotel02-1536x768.jpg 1536w, https:\/\/www.logotel.it\/wp-content\/uploads\/2021\/03\/HEADQUARTER_Logotel02-1568x784.jpg 1568w, https:\/\/www.logotel.it\/wp-content\/uploads\/2021\/03\/HEADQUARTER_Logotel02.jpg 2048w, https:\/\/www.logotel.it\/wp-content\/uploads\/2021\/03\/HEADQUARTER_Logotel02-300x150@2x.jpg 600w\" sizes=\"(max-width: 1024px) 100vw, 1024px\" \/><\/a><\/figure>\n\n\n\n<figure class=\"wp-block-image size-large\"><a href=\"https:\/\/www.logotel.it\/wp-content\/uploads\/2021\/03\/HEADQUARTER_Logotel03.jpg\"><img loading=\"lazy\" width=\"1024\" height=\"512\" src=\"https:\/\/www.logotel.it\/wp-content\/uploads\/2021\/03\/HEADQUARTER_Logotel03-1024x512.jpg\" alt=\"\" class=\"wp-image-1052\" srcset=\"https:\/\/www.logotel.it\/wp-content\/uploads\/2021\/03\/HEADQUARTER_Logotel03-1024x512.jpg 1024w, https:\/\/www.logotel.it\/wp-content\/uploads\/2021\/03\/HEADQUARTER_Logotel03-300x150.jpg 300w, https:\/\/www.logotel.it\/wp-content\/uploads\/2021\/03\/HEADQUARTER_Logotel03-1536x768.jpg 1536w, https:\/\/www.logotel.it\/wp-content\/uploads\/2021\/03\/HEADQUARTER_Logotel03-1568x784.jpg 1568w, https:\/\/www.logotel.it\/wp-content\/uploads\/2021\/03\/HEADQUARTER_Logotel03.jpg 2048w, https:\/\/www.logotel.it\/wp-content\/uploads\/2021\/03\/HEADQUARTER_Logotel03-300x150@2x.jpg 600w\" sizes=\"(max-width: 1024px) 100vw, 1024px\" \/><\/a><\/figure>\n\n\n\n<figure class=\"wp-block-image size-large\"><a href=\"https:\/\/www.logotel.it\/wp-content\/uploads\/2021\/03\/HEADQUARTER_Logotel04.jpg\"><img loading=\"lazy\" width=\"1024\" height=\"512\" src=\"https:\/\/www.logotel.it\/wp-content\/uploads\/2021\/03\/HEADQUARTER_Logotel04-1024x512.jpg\" alt=\"\" class=\"wp-image-1048\" srcset=\"https:\/\/www.logotel.it\/wp-content\/uploads\/2021\/03\/HEADQUARTER_Logotel04-1024x512.jpg 1024w, https:\/\/www.logotel.it\/wp-content\/uploads\/2021\/03\/HEADQUARTER_Logotel04-300x150.jpg 300w, https:\/\/www.logotel.it\/wp-content\/uploads\/2021\/03\/HEADQUARTER_Logotel04-1536x768.jpg 1536w, https:\/\/www.logotel.it\/wp-content\/uploads\/2021\/03\/HEADQUARTER_Logotel04-1568x784.jpg 1568w, https:\/\/www.logotel.it\/wp-content\/uploads\/2021\/03\/HEADQUARTER_Logotel04.jpg 2048w, https:\/\/www.logotel.it\/wp-content\/uploads\/2021\/03\/HEADQUARTER_Logotel04-300x150@2x.jpg 600w\" sizes=\"(max-width: 1024px) 100vw, 1024px\" \/><\/a><\/figure>\n\n\n\n<figure class=\"wp-block-image size-large\"><img loading=\"lazy\" width=\"1024\" height=\"512\" src=\"https:\/\/www.logotel.it\/wp-content\/uploads\/2021\/03\/HEADQUARTER_Logotel05-1024x512.jpg\" alt=\"\" class=\"wp-image-1046\" srcset=\"https:\/\/www.logotel.it\/wp-content\/uploads\/2021\/03\/HEADQUARTER_Logotel05-1024x512.jpg 1024w, https:\/\/www.logotel.it\/wp-content\/uploads\/2021\/03\/HEADQUARTER_Logotel05-300x150.jpg 300w, https:\/\/www.logotel.it\/wp-content\/uploads\/2021\/03\/HEADQUARTER_Logotel05-1536x768.jpg 1536w, https:\/\/www.logotel.it\/wp-content\/uploads\/2021\/03\/HEADQUARTER_Logotel05-1568x784.jpg 1568w, https:\/\/www.logotel.it\/wp-content\/uploads\/2021\/03\/HEADQUARTER_Logotel05.jpg 2048w, https:\/\/www.logotel.it\/wp-content\/uploads\/2021\/03\/HEADQUARTER_Logotel05-300x150@2x.jpg 600w\" sizes=\"(max-width: 1024px) 100vw, 1024px\" \/><\/figure>\n\n\n\n<figure class=\"wp-block-image size-large\"><img loading=\"lazy\" width=\"1024\" height=\"512\" src=\"https:\/\/www.logotel.it\/wp-content\/uploads\/2021\/03\/HEADQUARTER_Logotel06-1024x512.jpg\" alt=\"\" class=\"wp-image-1044\" srcset=\"https:\/\/www.logotel.it\/wp-content\/uploads\/2021\/03\/HEADQUARTER_Logotel06-1024x512.jpg 1024w, https:\/\/www.logotel.it\/wp-content\/uploads\/2021\/03\/HEADQUARTER_Logotel06-300x150.jpg 300w, https:\/\/www.logotel.it\/wp-content\/uploads\/2021\/03\/HEADQUARTER_Logotel06-1536x768.jpg 1536w, https:\/\/www.logotel.it\/wp-content\/uploads\/2021\/03\/HEADQUARTER_Logotel06-1568x784.jpg 1568w, https:\/\/www.logotel.it\/wp-content\/uploads\/2021\/03\/HEADQUARTER_Logotel06.jpg 2048w, https:\/\/www.logotel.it\/wp-content\/uploads\/2021\/03\/HEADQUARTER_Logotel06-300x150@2x.jpg 600w\" sizes=\"(max-width: 1024px) 100vw, 1024px\" \/><\/figure>\n\n\n\n<figure class=\"wp-block-image size-large\"><img loading=\"lazy\" width=\"1024\" height=\"512\" src=\"https:\/\/www.logotel.it\/wp-content\/uploads\/2021\/03\/PARIS_Logotel01-1024x512.jpg\" alt=\"\" class=\"wp-image-1064\" srcset=\"https:\/\/www.logotel.it\/wp-content\/uploads\/2021\/03\/PARIS_Logotel01-1024x512.jpg 1024w, https:\/\/www.logotel.it\/wp-content\/uploads\/2021\/03\/PARIS_Logotel01-300x150.jpg 300w, https:\/\/www.logotel.it\/wp-content\/uploads\/2021\/03\/PARIS_Logotel01-1536x768.jpg 1536w, https:\/\/www.logotel.it\/wp-content\/uploads\/2021\/03\/PARIS_Logotel01-1568x784.jpg 1568w, https:\/\/www.logotel.it\/wp-content\/uploads\/2021\/03\/PARIS_Logotel01.jpg 2048w, https:\/\/www.logotel.it\/wp-content\/uploads\/2021\/03\/PARIS_Logotel01-300x150@2x.jpg 600w\" sizes=\"(max-width: 1024px) 100vw, 1024px\" \/><\/figure>\n\n\n\n<figure class=\"wp-block-image size-large\"><img loading=\"lazy\" width=\"1024\" height=\"512\" src=\"https:\/\/www.logotel.it\/wp-content\/uploads\/2021\/03\/PARIS_Logotel02-1024x512.jpg\" alt=\"\" class=\"wp-image-1066\" srcset=\"https:\/\/www.logotel.it\/wp-content\/uploads\/2021\/03\/PARIS_Logotel02-1024x512.jpg 1024w, https:\/\/www.logotel.it\/wp-content\/uploads\/2021\/03\/PARIS_Logotel02-300x150.jpg 300w, https:\/\/www.logotel.it\/wp-content\/uploads\/2021\/03\/PARIS_Logotel02-1536x768.jpg 1536w, https:\/\/www.logotel.it\/wp-content\/uploads\/2021\/03\/PARIS_Logotel02-1568x784.jpg 1568w, https:\/\/www.logotel.it\/wp-content\/uploads\/2021\/03\/PARIS_Logotel02.jpg 2048w, https:\/\/www.logotel.it\/wp-content\/uploads\/2021\/03\/PARIS_Logotel02-300x150@2x.jpg 600w\" sizes=\"(max-width: 1024px) 100vw, 1024px\" \/><\/figure>\n\n\n\n<figure class=\"wp-block-image size-large\"><img loading=\"lazy\" width=\"1024\" height=\"512\" src=\"https:\/\/www.logotel.it\/wp-content\/uploads\/2021\/03\/PARIS_Logotel03-1024x512.jpg\" alt=\"\" class=\"wp-image-1062\" srcset=\"https:\/\/www.logotel.it\/wp-content\/uploads\/2021\/03\/PARIS_Logotel03-1024x512.jpg 1024w, https:\/\/www.logotel.it\/wp-content\/uploads\/2021\/03\/PARIS_Logotel03-300x150.jpg 300w, https:\/\/www.logotel.it\/wp-content\/uploads\/2021\/03\/PARIS_Logotel03-1536x768.jpg 1536w, https:\/\/www.logotel.it\/wp-content\/uploads\/2021\/03\/PARIS_Logotel03-1568x784.jpg 1568w, https:\/\/www.logotel.it\/wp-content\/uploads\/2021\/03\/PARIS_Logotel03.jpg 2048w, https:\/\/www.logotel.it\/wp-content\/uploads\/2021\/03\/PARIS_Logotel03-300x150@2x.jpg 600w\" sizes=\"(max-width: 1024px) 100vw, 1024px\" \/><\/figure>\n\n\n\n<figure class=\"wp-block-image size-large\"><img loading=\"lazy\" width=\"1024\" height=\"512\" src=\"https:\/\/www.logotel.it\/wp-content\/uploads\/2021\/03\/VIRGOLETTA_Logotel01-1024x512.jpg\" alt=\"\" class=\"wp-image-1060\" srcset=\"https:\/\/www.logotel.it\/wp-content\/uploads\/2021\/03\/VIRGOLETTA_Logotel01-1024x512.jpg 1024w, https:\/\/www.logotel.it\/wp-content\/uploads\/2021\/03\/VIRGOLETTA_Logotel01-300x150.jpg 300w, https:\/\/www.logotel.it\/wp-content\/uploads\/2021\/03\/VIRGOLETTA_Logotel01-1536x768.jpg 1536w, https:\/\/www.logotel.it\/wp-content\/uploads\/2021\/03\/VIRGOLETTA_Logotel01-1568x784.jpg 1568w, https:\/\/www.logotel.it\/wp-content\/uploads\/2021\/03\/VIRGOLETTA_Logotel01.jpg 2048w, https:\/\/www.logotel.it\/wp-content\/uploads\/2021\/03\/VIRGOLETTA_Logotel01-300x150@2x.jpg 600w\" sizes=\"(max-width: 1024px) 100vw, 1024px\" \/><\/figure>\n\n\n\n<figure class=\"wp-block-image size-large\"><img loading=\"lazy\" width=\"1024\" height=\"512\" src=\"https:\/\/www.logotel.it\/wp-content\/uploads\/2021\/03\/VIRGOLETTA_Logotel02-1024x512.jpg\" alt=\"\" class=\"wp-image-1056\" srcset=\"https:\/\/www.logotel.it\/wp-content\/uploads\/2021\/03\/VIRGOLETTA_Logotel02-1024x512.jpg 1024w, https:\/\/www.logotel.it\/wp-content\/uploads\/2021\/03\/VIRGOLETTA_Logotel02-300x150.jpg 300w, https:\/\/www.logotel.it\/wp-content\/uploads\/2021\/03\/VIRGOLETTA_Logotel02-1536x768.jpg 1536w, https:\/\/www.logotel.it\/wp-content\/uploads\/2021\/03\/VIRGOLETTA_Logotel02-1568x784.jpg 1568w, https:\/\/www.logotel.it\/wp-content\/uploads\/2021\/03\/VIRGOLETTA_Logotel02.jpg 2048w, https:\/\/www.logotel.it\/wp-content\/uploads\/2021\/03\/VIRGOLETTA_Logotel02-300x150@2x.jpg 600w\" sizes=\"(max-width: 1024px) 100vw, 1024px\" \/><\/figure>\n\n\n\n<figure class=\"wp-block-image size-large\"><img loading=\"lazy\" width=\"1024\" height=\"512\" src=\"https:\/\/www.logotel.it\/wp-content\/uploads\/2021\/03\/VIRGOLETTA_Logotel03-1024x512.jpg\" alt=\"\" class=\"wp-image-1058\" srcset=\"https:\/\/www.logotel.it\/wp-content\/uploads\/2021\/03\/VIRGOLETTA_Logotel03-1024x512.jpg 1024w, https:\/\/www.logotel.it\/wp-content\/uploads\/2021\/03\/VIRGOLETTA_Logotel03-300x150.jpg 300w, https:\/\/www.logotel.it\/wp-content\/uploads\/2021\/03\/VIRGOLETTA_Logotel03-1536x768.jpg 1536w, https:\/\/www.logotel.it\/wp-content\/uploads\/2021\/03\/VIRGOLETTA_Logotel03-1568x784.jpg 1568w, https:\/\/www.logotel.it\/wp-content\/uploads\/2021\/03\/VIRGOLETTA_Logotel03.jpg 2048w, https:\/\/www.logotel.it\/wp-content\/uploads\/2021\/03\/VIRGOLETTA_Logotel03-300x150@2x.jpg 600w\" sizes=\"(max-width: 1024px) 100vw, 1024px\" \/><\/figure>\n<\/div>\n\n\n\n<header class=\"wp-block-lgtl-custom-title lgtl-title\"><span class=\"wp-block-lgtl-custom-title__description lgtl-title__description\">HEADQUARTER<\/span><h4 class=\"wp-block-lgtl-custom-title__section lgtl-title__section\"><\/h4><div class=\"wp-block-columns\"><div class=\"wp-block-column\"><h3 class=\"wp-block-lgtl-custom-title__title lgtl-title__title\">Milano: our home is your home<\/h3><\/div><div class=\"wp-block-column\"><div class=\"wp-block-lgtl-custom-title__content lgtl-title__content\"><p><strong>Our headquarters in Milan is in the heart of Ventura-Lambrate, a historic post-industrial district transformed into a vibrant hub of creativity and design<\/strong>. We work in an open-space of over 3,500 square metres, designed and structured with the help of our team of designers. Here is where our ideas, alond with yours, find their home. <\/p><p>Some of our spaces in Milan can be yours for an event, a workshop or a special initiatives of your company. <strong>For detailed information on the services and spaces available, download the pdf.<\/strong><\/p><\/div><\/div><\/div><\/header>\n\n\n\n<div class=\"wp-block-columns add-margin is-space-between\">\n<div class=\"wp-block-column column-left align-vertical-with-title is-6-columns\">\n<p><\/p>\n<\/div>\n\n\n\n<div class=\"wp-block-column column-right align-vertical-with-title is-6-columns\" style=\"padding-top:0px\">\n<div class=\"wp-container-1 wp-block-buttons\">\n<div class=\"wp-block-button is-style-fill\"><a class=\"wp-block-button__link has-nero-color has-verde-background-color has-text-color has-background\" href=\"https:\/\/www.logotel.it\/wp-content\/uploads\/2021\/03\/LocationLogotel.pdf\" target=\"_blank\" rel=\"noreferrer noopener\">PDF download<\/a><\/div>\n<\/div>\n\n\n\n<pre class=\"wp-block-preformatted\"><strong>Logotel<\/strong><br>Via G.Ventura 15<br>20134 Milan<br>+39.02.212121<br>info@logotel.it<\/pre>\n\n\n\n<div class=\"wp-container-2 wp-block-buttons\">\n<div class=\"wp-block-button is-style-lglt--link__arrow\"><a class=\"wp-block-button__link\" href=\"https:\/\/www.google.it\/maps\/place\/Logotel+S.p.A.\/@45.4852219,9.2431506,17z\/data=!4m6!3m5!1s0x4786c650ddf7dfd5:0x5e276277858ea397!8m2!3d45.4841955!4d9.2447453!16s%2Fg%2F1tnpjwwf?entry=ttu\" target=\"_blank\" rel=\"noreferrer noopener\">view on map<\/a><\/div>\n<\/div>\n\n\n\n<pre class=\"wp-block-preformatted\"><strong>Logotel<\/strong> <strong>France<\/strong>\nParis\nTour Trinity\n1 bis place de la D\u00e9fense\n92400 Courbevoie<\/pre>\n\n\n\n<div class=\"wp-container-3 wp-block-buttons\">\n<div class=\"wp-block-button is-style-lglt--link__arrow\"><a class=\"wp-block-button__link\" href=\"https:\/\/www.google.com\/maps\/place\/Tour+Trinity\/@48.8938764,2.2379161,17z\/data=!4m6!3m5!1s0x47e665be1145f1e3:0xd7b96ba4358899f8!8m2!3d48.8929695!4d2.2410996!16s%2Fg%2F1q6mq6t1r?entry=ttu\" target=\"_blank\" rel=\"noreferrer noopener\">view on map<\/a><\/div>\n<\/div>\n<\/div>\n<\/div>\n\n\n\n<ul class=\"wp-block-lgtl-contenitore has-4-columns\">\n<li class=\"wp-block-lgtl-counter is-style-description lgtl-counter\"><div class=\"lgtl-li--inner\"><i class=\"lgtl-icon lglt-icons--film\"><svg width=\"48\" height=\"48\" xmlns=\"http:\/\/www.w3.org\/2000\/svg\">\n  <path d=\"M5 9v21.479h10.939L11.799 40h3.271l4.14-9.521h1.58L24.93 40h3.271l-4.14-9.521H34.75v-6.182L44 26.382V12.659l-9.25 2.083V9H5zm3 18.478h23.75V12H8v15.478zm26.978-6.205l-.002-3.507L41 16.41v6.221l-6.022-1.358z\" fill=\"#101010\" fill-rule=\"evenodd\"\/>\n<\/svg><\/i><h4 class=\"lgtl-counter--title\">Recording Studio<\/h4><div><\/div><\/div><\/li>\n\n\n\n<li class=\"wp-block-lgtl-counter is-style-description lgtl-counter\"><div class=\"lgtl-li--inner\"><i class=\"lgtl-icon lglt-icons--nature\"><svg width=\"48\" height=\"48\" xmlns=\"http:\/\/www.w3.org\/2000\/svg\">\n  <path d=\"M34.745 27.567l-.047.043-7.85 7.252-.436-4.369-.015-.12c-.506-3.582.298-6.099 2.53-7.923l6.447-5.266 1.3 3.734c.81 2.332.071 4.88-1.929 6.65zm-16.958-1.246c-2.772-1.233-4.688-3.927-5.13-7.219l-1.112-8.25 3.862.85c2.53.555 4.481 2.653 5.22 5.61.566 2.262 1.436 7.11 2.085 10.885l-4.925-1.876zm21.72-6.388L36.8 12.146l-9.77 7.981a10.268 10.268 0 00-2.25 2.538c-.446-2.419-.895-4.697-1.24-6.08-1.037-4.145-3.875-7.019-7.487-7.814L8 7.001l1.683 12.501c.588 4.375 3.182 7.948 6.965 9.596l6.87 2.616.944 9.436 12.271-11.336c2.921-2.585 3.988-6.387 2.774-9.88z\" fill=\"#101010\" fill-rule=\"evenodd\"\/>\n<\/svg><\/i><h4 class=\"lgtl-counter--title\">Urban Garden<\/h4><div><\/div><\/div><\/li>\n\n\n\n<li class=\"wp-block-lgtl-counter is-style-description lgtl-counter\"><div class=\"lgtl-li--inner\"><i class=\"lgtl-icon lglt-icons--sun\"><svg width=\"48\" height=\"48\" xmlns=\"http:\/\/www.w3.org\/2000\/svg\">\n  <path d=\"M25.447 36.947v4.947h-3v-4.947h3zM13.695 32.08l2.12 2.121-3.498 3.498-2.121-2.12 3.499-3.499zm20.505 0l3.5 3.498-2.122 2.121L32.08 34.2l2.121-2.12zM23.947 12.947c6.075 0 11 4.925 11 11s-4.925 11-11 11-11-4.925-11-11 4.925-11 11-11zm0 3.127c-4.34 0-7.873 3.532-7.873 7.873s3.532 7.873 7.873 7.873 7.873-3.532 7.873-7.873c0-4.34-3.532-7.873-7.873-7.873zm17.947 6.373v3h-4.947v-3h4.947zm-30.947 0v3H6v-3h4.947zm24.63-12.251l2.122 2.12-3.5 3.5-2.12-2.122 3.499-3.498zm-23.26 0l3.498 3.498-2.12 2.121-3.5-3.498 2.121-2.122zM25.446 6v4.947h-3V6h3z\" fill=\"#101010\" fill-rule=\"evenodd\"\/>\n<\/svg><\/i><h4 class=\"lgtl-counter--title\">Sunny Terraces<\/h4><div><\/div><\/div><\/li>\n\n\n\n<li class=\"wp-block-lgtl-counter is-style-description lgtl-counter\"><div class=\"lgtl-li--inner\"><i class=\"lgtl-icon lglt-icons--bicycle\"><svg width=\"48\" height=\"48\" xmlns=\"http:\/\/www.w3.org\/2000\/svg\">\n  <path d=\"M37 41.615c-2.973 0-5.461-2.104-6.061-4.9H37a1.3 1.3 0 001.195-1.812l-2.387-5.57A6.162 6.162 0 0137 29.215c3.419 0 6.2 2.781 6.2 6.2s-2.781 6.2-6.2 6.2zm-12.248-8.843l-6.963-10.057h11.434l-4.471 10.057zm10.276 1.343h-4.089a6.21 6.21 0 012.481-3.753l1.608 3.753zm-2.727-6.365a8.988 8.988 0 00-4.197 6.365H27l4.087-9.196 1.214 2.831zM17.2 35.415c0 3.419-2.781 6.2-6.2 6.2a6.207 6.207 0 01-6.2-6.2 6.207 6.207 0 017.486-6.065l-2.502 6.604 2.432.922 2.445-6.453a6.187 6.187 0 012.539 4.992zm19.8-9c-.8 0-1.571.114-2.31.31l-2.163-5.047 1.66-3.735A1.3 1.3 0 0033 16.115h-5v2.6h3l-.622 1.4H18.565l1.651-4.355a1.297 1.297 0 00-.147-1.199A1.296 1.296 0 0019 14h-6.072v2.599h4.189l-3.834 10.12A8.955 8.955 0 0011 26.415a9 9 0 00-9 9 9 9 0 009 9 9 9 0 009-9c0-3.255-1.733-6.098-4.322-7.678l.858-2.264 7.395 10.682a1.3 1.3 0 001.069.56h3.104c.632 4.352 4.368 7.7 8.896 7.7a9 9 0 009-9 9 9 0 00-9-9z\" fill=\"#00000F\" fill-rule=\"evenodd\"\/>\n<\/svg><\/i><h4 class=\"lgtl-counter--title\">Bike Station<\/h4><div><\/div><\/div><\/li>\n\n\n\n<li class=\"wp-block-lgtl-counter is-style-description lgtl-counter\"><div class=\"lgtl-li--inner\"><i class=\"lgtl-icon lglt-icons--office\"><svg width=\"48\" height=\"48\" xmlns=\"http:\/\/www.w3.org\/2000\/svg\">\n  <path d=\"M24 5L7 20.455v22.322h34V20.455L24 5zM10 21.782L24 9.054l13.999 12.728v17.996H10V21.782z\" fill=\"#101010\" fill-rule=\"evenodd\"\/>\n<\/svg><\/i><h4 class=\"lgtl-counter--title\">Open Space<\/h4><div><p class=\"lgtl-counter--content\"><span class=\"lgtl-counter--prefix\"><\/span><span class=\"lgtl-counter--number\">3500<\/span><span class=\"lgtl-counter--suffix\">mq<\/span><\/p><\/div><\/div><\/li>\n\n\n\n<li class=\"wp-block-lgtl-counter is-style-description lgtl-counter\"><div class=\"lgtl-li--inner\"><i class=\"lgtl-icon lglt-icons--grid\"><svg width=\"48\" height=\"48\" xmlns=\"http:\/\/www.w3.org\/2000\/svg\">\n  <path d=\"M15.436 32.564V43H5V32.564h10.436zm27.512-13.282V43H18.282V19.282h24.666zM12.437 35.564H8V40h4.437v-4.436zm27.512-13.282H21.282V40h18.667V22.282zm-24.513-3v10.436H5V19.282h10.436zm-2.999 3H8v4.436h4.437v-4.436zM42.948 6v10.436H18.282V6h24.666zM15.436 6v10.436H5V6h10.436zm24.513 3H21.282v4.436h18.667V9zM12.437 9H8v4.436h4.437V9z\" fill=\"#101010\" fill-rule=\"evenodd\"\/>\n<\/svg><\/i><h4 class=\"lgtl-counter--title\">Modular Spaces<\/h4><div><p class=\"lgtl-counter--content\"><span class=\"lgtl-counter--prefix\"><\/span><span class=\"lgtl-counter--number\">1500<\/span><span class=\"lgtl-counter--suffix\">mq<\/span><\/p><\/div><\/div><\/li>\n\n\n\n<li class=\"wp-block-lgtl-counter is-style-description lgtl-counter\"><div class=\"lgtl-li--inner\"><i class=\"lgtl-icon lglt-icons--remote\"><svg width=\"48\" height=\"48\" xmlns=\"http:\/\/www.w3.org\/2000\/svg\">\n  <path d=\"M39.5 21v20H44v3H4v-3h3.5V21h32zm-3 3h-26v17h26V24zm-12.393 2c1.583.03 4.106.709 4.106 4.75 0 2.319-.85 3.495-1.44 4.131.431.267.954.489 1.465.705 1.422.601 3.19 1.349 3.19 3.414v1H16.571v-1c0-2.065 1.768-2.813 3.19-3.414.511-.217 1.034-.438 1.465-.705-.589-.636-1.44-1.812-1.44-4.131 0-4.133 2.64-4.75 4.214-4.75zM24 28c-1.15 0-2.214.333-2.214 2.75 0 1.867.645 2.515 1.117 2.987.296.296.663.664.653 1.246-.007.371-.169.706-.48.998-.736.686-1.693 1.09-2.536 1.447-.517.218-.92.398-1.224.572h9.367c-.304-.174-.707-.354-1.223-.572-.844-.357-1.8-.761-2.536-1.448-.312-.291-.474-.626-.48-.997-.01-.582.356-.95.652-1.246.472-.472 1.117-1.12 1.117-2.987C26.213 28.333 25.15 28 24 28z\" fill=\"#101010\" fill-rule=\"evenodd\"\/>\n<\/svg><\/i><h4 class=\"lgtl-counter--title\">Conference Rooms<\/h4><div><p class=\"lgtl-counter--content\"><span class=\"lgtl-counter--prefix\"><\/span><span class=\"lgtl-counter--number\">5<\/span><span class=\"lgtl-counter--suffix\"><\/span><\/p><\/div><\/div><\/li>\n\n\n\n<li class=\"wp-block-lgtl-counter is-style-description lgtl-counter\"><div class=\"lgtl-li--inner\"><i class=\"lgtl-icon lglt-icons--users\"><svg width=\"48\" height=\"48\" xmlns=\"http:\/\/www.w3.org\/2000\/svg\">\n  <path d=\"M40.33 24.044c-1.156-.523-2.344-1.061-3.255-1.783 1.068-1.15 2.957-3.274 2.957-8.301 0-7.796-4.679-8.96-7.468-8.96-2.789 0-7.467 1.164-7.467 8.96 0 5.015 1.88 7.143 2.95 8.293a9.35 9.35 0 01-2.1 1.26c-.53.258-1.219.54-2.044.844v-.135c0-7.795-4.678-8.96-7.468-8.96-2.789 0-7.467 1.165-7.467 8.96 0 5.03 1.89 7.155 2.958 8.303-.904.717-2.096 1.257-3.256 1.782C6.143 35.452 3 36.876 3 40.633v1.5h3v-1.5c0-1.65 1.19-2.362 3.908-3.593 1.541-.698 3.287-1.49 4.604-2.806 1.608-1.607.201-3.118-.329-3.687-.882-.947-2.215-2.378-2.215-6.325 0-5.282 2.387-5.96 4.467-5.96 2.081 0 4.468.678 4.468 5.96 0 3.948-1.333 5.378-2.216 6.325-.529.569-1.937 2.08-.329 3.687 1.317 1.317 3.064 2.108 4.605 2.806 2.717 1.23 3.908 1.943 3.908 3.593v1.5h3v-1.5c0-3.757-3.145-5.181-5.67-6.326-1.156-.523-2.344-1.061-3.255-1.783.782-.841 2.004-2.205 2.603-4.85l1.153-.415c1.022-.37 1.88-.72 2.5-1.021a12.247 12.247 0 003.44-2.266c1.608-1.61.2-3.12-.33-3.688-.882-.947-2.215-2.378-2.215-6.324 0-5.283 2.387-5.96 4.467-5.96 2.08 0 4.468.677 4.468 5.96 0 3.946-1.333 5.377-2.215 6.324-.53.569-1.937 2.079-.329 3.688 1.317 1.316 3.063 2.107 4.603 2.805 2.717 1.23 3.91 1.942 3.91 3.594v1.5h3v-1.5c0-3.758-3.146-5.182-5.672-6.327\" fill=\"#101010\" fill-rule=\"evenodd\"\/>\n<\/svg><\/i><h4 class=\"lgtl-counter--title\">Meeting Rooms<\/h4><div><p class=\"lgtl-counter--content\"><span class=\"lgtl-counter--prefix\"><\/span><span class=\"lgtl-counter--number\">15<\/span><span class=\"lgtl-counter--suffix\"><\/span><\/p><\/div><\/div><\/li>\n<\/ul>\n\n\n\n<div class=\"wp-block-columns is-flex-start\">\n<div class=\"wp-block-column column-left is-3-columns\">\n<div class=\"wp-block-image\"><figure class=\"alignleft size-full\"><img loading=\"lazy\" width=\"900\" height=\"640\" src=\"https:\/\/www.logotel.it\/wp-content\/uploads\/2021\/03\/Paris.jpg\" alt=\"\" class=\"wp-image-813\" srcset=\"https:\/\/www.logotel.it\/wp-content\/uploads\/2021\/03\/Paris.jpg 900w, https:\/\/www.logotel.it\/wp-content\/uploads\/2021\/03\/Paris-300x213.jpg 300w, https:\/\/www.logotel.it\/wp-content\/uploads\/2021\/03\/Paris-300x213@2x.jpg 600w\" sizes=\"(max-width: 900px) 100vw, 900px\" \/><\/figure><\/div>\n\n\n\n<p><strong>PARIS \/ <\/strong>workplace<\/p>\n\n\n\n<p>Logotel opened its office in Paris in 2014. Over twenty people work in the setting of the largest financial district in Europe, La D\u00e9fense, in a dynamic space that promotes trade and innovation and supports the needs of our international customers.<\/p>\n<\/div>\n\n\n\n<div class=\"wp-block-column column-left is-3-columns\">\n<div class=\"wp-block-image\"><figure class=\"alignleft size-large\"><img loading=\"lazy\" width=\"900\" height=\"640\" src=\"https:\/\/www.logotel.it\/wp-content\/uploads\/2021\/03\/madrid_logotel.jpg\" alt=\"\" class=\"wp-image-3876\" srcset=\"https:\/\/www.logotel.it\/wp-content\/uploads\/2021\/03\/madrid_logotel.jpg 900w, https:\/\/www.logotel.it\/wp-content\/uploads\/2021\/03\/madrid_logotel-300x213.jpg 300w, https:\/\/www.logotel.it\/wp-content\/uploads\/2021\/03\/madrid_logotel-300x213@2x.jpg 600w\" sizes=\"(max-width: 900px) 100vw, 900px\" \/><\/figure><\/div>\n\n\n\n<p><strong>MADRID \/ <\/strong>workplace<\/p>\n\n\n\n<p>Since 2017 Logotel is also present in Madrid to support customers who have a strong presence in Spain. A multidisciplinary team oversees and develops communities and international projects.<br><\/p>\n<\/div>\n\n\n\n<div class=\"wp-block-column column-left is-3-columns\">\n<div class=\"wp-block-image\"><figure class=\"alignleft size-full\"><img loading=\"lazy\" width=\"900\" height=\"640\" src=\"https:\/\/www.logotel.it\/wp-content\/uploads\/2021\/03\/Roma.jpg\" alt=\"\" class=\"wp-image-809\" srcset=\"https:\/\/www.logotel.it\/wp-content\/uploads\/2021\/03\/Roma.jpg 900w, https:\/\/www.logotel.it\/wp-content\/uploads\/2021\/03\/Roma-300x213.jpg 300w, https:\/\/www.logotel.it\/wp-content\/uploads\/2021\/03\/Roma-300x213@2x.jpg 600w\" sizes=\"(max-width: 900px) 100vw, 900px\" \/><\/figure><\/div>\n\n\n\n<p><strong>ROME \/ <\/strong>workplace<\/p>\n\n\n\n<p>In the capital, Logotel supports national and international clients, ensuring synergy with the teams and experts of the headquarter and international offices.<br><\/p>\n<\/div>\n\n\n\n<div class=\"wp-block-column column-left is-3-columns\">\n<div class=\"wp-block-image\"><figure class=\"alignleft size-full\"><img loading=\"lazy\" width=\"900\" height=\"640\" src=\"https:\/\/www.logotel.it\/wp-content\/uploads\/2021\/03\/Virgoletta.jpg\" alt=\"\" class=\"wp-image-815\" srcset=\"https:\/\/www.logotel.it\/wp-content\/uploads\/2021\/03\/Virgoletta.jpg 900w, https:\/\/www.logotel.it\/wp-content\/uploads\/2021\/03\/Virgoletta-300x213.jpg 300w, https:\/\/www.logotel.it\/wp-content\/uploads\/2021\/03\/Virgoletta-300x213@2x.jpg 600w\" sizes=\"(max-width: 900px) 100vw, 900px\" \/><\/figure><\/div>\n\n\n\n<p><strong>TUSCANY \/ <\/strong>campus<\/p>\n\n\n\n<p>In the evocative setting of Virgoletta, a small village on the border between Liguria and Tuscany, Logotel has its own training campus. Located within the walls of an ancient castle, a fortified structure dating back to the twelfth century, the campus hosts training events and workshops.<br><\/p>\n<\/div>\n<\/div>\n<\/div><\/section>\n\n\n\n<section class=\"wp-block-lgtl-section\" id=\"awards\" data-name=\"Award\"><div class=\"lgtl-section--inner\">\n<header class=\"wp-block-lgtl-custom-title lgtl-title\"><span class=\"wp-block-lgtl-custom-title__description lgtl-title__description\">AWARD<\/span><h4 class=\"wp-block-lgtl-custom-title__section lgtl-title__section\"><\/h4><div class=\"wp-block-columns\"><div class=\"wp-block-column\"><h3 class=\"wp-block-lgtl-custom-title__title lgtl-title__title\">We aim for excellence<\/h3><\/div><div class=\"wp-block-column\"><div class=\"wp-block-lgtl-custom-title__content lgtl-title__content\"><p>Thanks to our people and to the Clients who\u2019ve trusted us, here are some of the recognitions our projects have been awarded.<\/p><\/div><\/div><\/div><\/header>\n\n\n\n<div class=\"wp-block-lgtl-gallery-wrapper lgtl-slick-awards images\">\n<figure class=\"wp-block-image size-large\"><img loading=\"lazy\" width=\"129\" height=\"129\" src=\"https:\/\/www.logotel.it\/wp-content\/uploads\/2021\/03\/ADIIndex-1.jpg\" alt=\"\" class=\"wp-image-707\"\/><figcaption>ADI Design Index<br>2019 &#8211; 2020 &#8211; 2021<\/figcaption><\/figure>\n\n\n\n<figure class=\"wp-block-image size-large\"><img loading=\"lazy\" width=\"129\" height=\"129\" src=\"https:\/\/www.logotel.it\/wp-content\/uploads\/2021\/03\/CompassoDOro-1.jpg\" alt=\"\" class=\"wp-image-705\"\/><figcaption>Compasso d\u2019Oro<br>2018<\/figcaption><\/figure>\n\n\n\n<figure class=\"wp-block-image size-large\"><img loading=\"lazy\" width=\"129\" height=\"129\" src=\"https:\/\/www.logotel.it\/wp-content\/uploads\/2021\/03\/NCAward.jpg\" alt=\"\" class=\"wp-image-703\"\/><figcaption>NC Digital Awards<br>2019<\/figcaption><\/figure>\n\n\n\n<figure class=\"wp-block-image size-large\"><img loading=\"lazy\" width=\"129\" height=\"129\" src=\"https:\/\/www.logotel.it\/wp-content\/uploads\/2021\/03\/SmauAward.jpg\" alt=\"\" class=\"wp-image-718\"\/><figcaption>Smau Innovation<br>2017<\/figcaption><\/figure>\n<\/div>\n<\/div><\/section>\n\n\n\n<section class=\"wp-block-lgtl-section\" id=\"history\" data-name=\"History\"><div class=\"lgtl-section--inner\">\n<div class=\"wp-block-lgtl-overview history\" data-overview-threshold-desktop=\"0\" data-overview-threshold-mobile=\"0\"><div class=\"wp-block-lgtl-overview--title lgtl-title\"><span class=\"wp-block-lgtl-custom-title__description lgtl-title__description\">la nostra storia<\/span><h3 class=\"wp-block-lgtl-custom-title__title lgtl-title__title\">A road map made of experiences. Walk with us<\/h3><\/div><div class=\"wp-block-lgtl-overview--wrapper\">\n\t\t<div class=\"wp-block-columns lglt-block-step\">\n\t\t\t<div class=\"wp-block-column lglt-block-step--image\"><img width=\"2048\" height=\"1152\" src=\"https:\/\/www.logotel.it\/wp-content\/uploads\/2021\/03\/pagWE_2048x1024_Gallery_HISTORY_01.png\" class=\"attachment-2048x2048 size-2048x2048\" alt=\"\" loading=\"lazy\" srcset=\"https:\/\/www.logotel.it\/wp-content\/uploads\/2021\/03\/pagWE_2048x1024_Gallery_HISTORY_01-1024x576@2x.png 2048w, https:\/\/www.logotel.it\/wp-content\/uploads\/2021\/03\/pagWE_2048x1024_Gallery_HISTORY_01-300x169.png 300w, https:\/\/www.logotel.it\/wp-content\/uploads\/2021\/03\/pagWE_2048x1024_Gallery_HISTORY_01-1024x576.png 1024w, https:\/\/www.logotel.it\/wp-content\/uploads\/2021\/03\/pagWE_2048x1024_Gallery_HISTORY_01-1536x864.png 1536w, https:\/\/www.logotel.it\/wp-content\/uploads\/2021\/03\/pagWE_2048x1024_Gallery_HISTORY_01-1568x882.png 1568w, https:\/\/www.logotel.it\/wp-content\/uploads\/2021\/03\/pagWE_2048x1024_Gallery_HISTORY_01-300x169@2x.png 600w\" sizes=\"(max-width: 2048px) 100vw, 2048px\" \/><\/div>\n\t\t\t<div class=\"wp-block-column is-5-columns lglt-block-step--info\">\n\t\t\t\t<div class=\"lglt-block-step--title\"><h3 class=\"h2\">1993\/2000<\/h3><\/div>\n\t\t\t\t<div class=\"lglt-block-step--desc\"><h4>Reti di vendita e formazione<\/h4> <p>\u201cLogos\u201d (in greco: \u03bb\u03cc\u03b3\u03bf\u03c2): significa \u201cdiscorso\u201d, \u201cragione\u201d, una delle parole-chiave del pensiero occidentale. \u201cTelos\u201d (in greco \u03c4\u03ad\u03bb\u03bf\u03c2): \u00e8 la \u201cmeta\u201d, lo \u201cscopo\u201d di un\u2019azione, il fine etico dei nostri comportamenti. \u201cLogotel\u201d vuol dire dialogare con una finalit\u00e0 precisa: la soddisfazione dei Clienti. Fondata da Giuliano Favini con il coinvolgimento negli anni della moglie Laura Bartolini e dei figli Nicola e Cristina, Logotel nasce come realt\u00e0 creativa a supporto delle reti di vendita, dei loro manager, venditori e del personale dei punti vendita.<\/p> <\/div>\n\t\t\t<\/div>\n\t\t<\/div>\n\n\n\t\t<div class=\"wp-block-columns lglt-block-step\">\n\t\t\t<div class=\"wp-block-column lglt-block-step--image\"><img width=\"2048\" height=\"1152\" src=\"https:\/\/www.logotel.it\/wp-content\/uploads\/2021\/03\/pagWE_2048x1024_Gallery_HISTORY_02.jpg\" class=\"attachment-2048x2048 size-2048x2048\" alt=\"\" loading=\"lazy\" srcset=\"https:\/\/www.logotel.it\/wp-content\/uploads\/2021\/03\/pagWE_2048x1024_Gallery_HISTORY_02-1024x576@2x.jpg 2048w, https:\/\/www.logotel.it\/wp-content\/uploads\/2021\/03\/pagWE_2048x1024_Gallery_HISTORY_02-300x169.jpg 300w, https:\/\/www.logotel.it\/wp-content\/uploads\/2021\/03\/pagWE_2048x1024_Gallery_HISTORY_02-1024x576.jpg 1024w, https:\/\/www.logotel.it\/wp-content\/uploads\/2021\/03\/pagWE_2048x1024_Gallery_HISTORY_02-1536x864.jpg 1536w, https:\/\/www.logotel.it\/wp-content\/uploads\/2021\/03\/pagWE_2048x1024_Gallery_HISTORY_02-1568x882.jpg 1568w, https:\/\/www.logotel.it\/wp-content\/uploads\/2021\/03\/pagWE_2048x1024_Gallery_HISTORY_02-300x169@2x.jpg 600w\" sizes=\"(max-width: 2048px) 100vw, 2048px\" \/><\/div>\n\t\t\t<div class=\"wp-block-column is-5-columns lglt-block-step--info\">\n\t\t\t\t<div class=\"lglt-block-step--title\"><h3 class=\"h2\">2001\/2005<\/h3><\/div>\n\t\t\t\t<div class=\"lglt-block-step--desc\"><h4>Business Community go international <\/h4> <p>Logotel lancia \u201ce-volution\u201d nel 2001, la prima piattaforma di business community per Agenti <a href=\"https:\/\/www.logotel.it\/clients\/\">TIM<\/a> Business Promoter, tuttora attiva: \u00e8 la prima di una lunga serie di <a href=\"https:\/\/www.logotel.it\/what-we-do\/#capabilities\">business community<\/a>. Oggi sono oltre 40 le business community gestite quotidianamente per nostri clienti. Logotel porta il proprio supporto in paesi e scenari diversi: dal Per\u00f9 al Brasile disegnando nuovi concept store e formando alla vendita creativa il personale in Europa, negli Stati Uniti, in America del Sud, Africa e Asia.<\/p> <\/div>\n\t\t\t<\/div>\n\t\t<\/div>\n\n\n\t\t<div class=\"wp-block-columns lglt-block-step\">\n\t\t\t<div class=\"wp-block-column lglt-block-step--image\"><img width=\"2048\" height=\"1152\" src=\"https:\/\/www.logotel.it\/wp-content\/uploads\/2021\/03\/pagWE_2048x1024_Gallery_HISTORY_03.jpg\" class=\"attachment-2048x2048 size-2048x2048\" alt=\"\" loading=\"lazy\" srcset=\"https:\/\/www.logotel.it\/wp-content\/uploads\/2021\/03\/pagWE_2048x1024_Gallery_HISTORY_03-1024x576@2x.jpg 2048w, https:\/\/www.logotel.it\/wp-content\/uploads\/2021\/03\/pagWE_2048x1024_Gallery_HISTORY_03-300x169.jpg 300w, https:\/\/www.logotel.it\/wp-content\/uploads\/2021\/03\/pagWE_2048x1024_Gallery_HISTORY_03-1024x576.jpg 1024w, https:\/\/www.logotel.it\/wp-content\/uploads\/2021\/03\/pagWE_2048x1024_Gallery_HISTORY_03-1536x864.jpg 1536w, https:\/\/www.logotel.it\/wp-content\/uploads\/2021\/03\/pagWE_2048x1024_Gallery_HISTORY_03-1568x882.jpg 1568w, https:\/\/www.logotel.it\/wp-content\/uploads\/2021\/03\/pagWE_2048x1024_Gallery_HISTORY_03-300x169@2x.jpg 600w\" sizes=\"(max-width: 2048px) 100vw, 2048px\" \/><\/div>\n\t\t\t<div class=\"wp-block-column is-5-columns lglt-block-step--info\">\n\t\t\t\t<div class=\"lglt-block-step--title\"><h3 class=\"h2\">2006\/2010<\/h3><\/div>\n\t\t\t\t<div class=\"lglt-block-step--desc\"><h4>Nuovi format e Weconomy <\/h4> <p>Logotel sviluppa format e nuovi modelli di vendita: dalla GDO ai workshop in Cina, integra sempre di pi\u00f9 fisico e digitale nel design delle Customer Experience. Nel 2010 pubblica il libro \u201cWeconomy \u2013 L\u2019economia riparte dal Noi\u201d: nella versione digitale \u00e8 il primo libro in Italia completamente gratuito dedicato all\u2019economia collaborativa. <a href=\"https:\/\/www.logotel.it\/weconomy\/\">Weconomy<\/a> oggi \u00e8 una delle nostre piattaforme di ricerca che cresce anche grazie ad un network internazionale aperto al confronto e alla collaborazione.<\/p> <\/div>\n\t\t\t<\/div>\n\t\t<\/div>\n\n\n\t\t<div class=\"wp-block-columns lglt-block-step\">\n\t\t\t<div class=\"wp-block-column lglt-block-step--image\"><img width=\"2048\" height=\"1152\" src=\"https:\/\/www.logotel.it\/wp-content\/uploads\/2021\/03\/pagWE_2048x1024_Gallery_HISTORY_04.jpg\" class=\"attachment-2048x2048 size-2048x2048\" alt=\"\" loading=\"lazy\" srcset=\"https:\/\/www.logotel.it\/wp-content\/uploads\/2021\/03\/pagWE_2048x1024_Gallery_HISTORY_04-1024x576@2x.jpg 2048w, https:\/\/www.logotel.it\/wp-content\/uploads\/2021\/03\/pagWE_2048x1024_Gallery_HISTORY_04-300x169.jpg 300w, https:\/\/www.logotel.it\/wp-content\/uploads\/2021\/03\/pagWE_2048x1024_Gallery_HISTORY_04-1024x576.jpg 1024w, https:\/\/www.logotel.it\/wp-content\/uploads\/2021\/03\/pagWE_2048x1024_Gallery_HISTORY_04-1536x864.jpg 1536w, https:\/\/www.logotel.it\/wp-content\/uploads\/2021\/03\/pagWE_2048x1024_Gallery_HISTORY_04-1568x882.jpg 1568w, https:\/\/www.logotel.it\/wp-content\/uploads\/2021\/03\/pagWE_2048x1024_Gallery_HISTORY_04-300x169@2x.jpg 600w\" sizes=\"(max-width: 2048px) 100vw, 2048px\" \/><\/div>\n\t\t\t<div class=\"wp-block-column is-5-columns lglt-block-step--info\">\n\t\t\t\t<div class=\"lglt-block-step--title\"><h3 class=\"h2\">2011\/2015<\/h3><\/div>\n\t\t\t\t<div class=\"lglt-block-step--desc\"><h4>Service Design anche in Francia<\/h4> <p>La collaborazione diventa la firma di Logotel: da allora \u201cmaking together\u201d \u00e8 il nostro payoff. Un tema che esploriamo con la mostra-laboratorio <a href=\"https:\/\/www.logotel.it\/horizon\/\">Making Together<\/a>, durante la prima di molte partecipazioni alla Milan Design Week.<br>Logotel diventa la prima Service Design Company in Italia, e nel 2014 apre una sede a <a href=\"https:\/\/www.logotel.it\/inside\/#places\">Parigi<\/a> per seguire ancora pi\u00f9 da vicino i suoi Clienti in Europa. Nel 2014 partecipiamo alla fondazione dell\u2019Associazione <a href=\"https:\/\/www.logotel.it\/horizon\/\">Made in Lambrate<\/a>, per favorire lo sviluppo sociale, culturale ed economico del quartiere milanese in cui si trova la nostra sede principale.<\/p> <\/div>\n\t\t\t<\/div>\n\t\t<\/div>\n\n\n\t\t<div class=\"wp-block-columns lglt-block-step\">\n\t\t\t<div class=\"wp-block-column lglt-block-step--image\"><img width=\"2048\" height=\"1152\" src=\"https:\/\/www.logotel.it\/wp-content\/uploads\/2021\/03\/pagWE_2048x1024_Gallery_HISTORY_05.jpg\" class=\"attachment-2048x2048 size-2048x2048\" alt=\"\" loading=\"lazy\" srcset=\"https:\/\/www.logotel.it\/wp-content\/uploads\/2021\/03\/pagWE_2048x1024_Gallery_HISTORY_05-1024x576@2x.jpg 2048w, https:\/\/www.logotel.it\/wp-content\/uploads\/2021\/03\/pagWE_2048x1024_Gallery_HISTORY_05-300x169.jpg 300w, https:\/\/www.logotel.it\/wp-content\/uploads\/2021\/03\/pagWE_2048x1024_Gallery_HISTORY_05-1024x576.jpg 1024w, https:\/\/www.logotel.it\/wp-content\/uploads\/2021\/03\/pagWE_2048x1024_Gallery_HISTORY_05-1536x864.jpg 1536w, https:\/\/www.logotel.it\/wp-content\/uploads\/2021\/03\/pagWE_2048x1024_Gallery_HISTORY_05-1568x882.jpg 1568w, https:\/\/www.logotel.it\/wp-content\/uploads\/2021\/03\/pagWE_2048x1024_Gallery_HISTORY_05-300x169@2x.jpg 600w\" sizes=\"(max-width: 2048px) 100vw, 2048px\" \/><\/div>\n\t\t\t<div class=\"wp-block-column is-5-columns lglt-block-step--info\">\n\t\t\t\t<div class=\"lglt-block-step--title\"><h3 class=\"h2\">2016\/2021<\/h3><\/div>\n\t\t\t\t<div class=\"lglt-block-step--desc\"><h4>Compasso d&#8217;oro e Ne(x)tworking<\/h4> <p>Nel 2017 Logotel vince il Premio Innovazione Smau E Nel 2018 il Compasso d\u2019Oro Adi con il progetto Bolletta 2.0 ed E-billing, servizi che hanno un impatto sulla vita di oltre 30 milioni di persone. Nel 2020 il COVID-19 sconvolge ogni scenario immaginato aprendo nuove dimensioni lavorative, e Logotel inaugura Ne(x)tWorking, un set di esperienze e sperimentazioni che gettano le basi per creare il workstyle del futuro, in cui spazi, presenze fisiche e virtuali convivono in una nuova forma di lavoro ibrido.<\/p> <\/div>\n\t\t\t<\/div>\n\t\t<\/div>\n\n\n\t\t<div class=\"wp-block-columns lglt-block-step\">\n\t\t\t<div class=\"wp-block-column lglt-block-step--image\"><img width=\"2048\" height=\"1152\" src=\"https:\/\/www.logotel.it\/wp-content\/uploads\/2021\/03\/pagWE_2048x1024_Gallery_HISTORY_06.png\" class=\"attachment-2048x2048 size-2048x2048\" alt=\"\" loading=\"lazy\" srcset=\"https:\/\/www.logotel.it\/wp-content\/uploads\/2021\/03\/pagWE_2048x1024_Gallery_HISTORY_06-1024x576@2x.png 2048w, https:\/\/www.logotel.it\/wp-content\/uploads\/2021\/03\/pagWE_2048x1024_Gallery_HISTORY_06-300x169.png 300w, https:\/\/www.logotel.it\/wp-content\/uploads\/2021\/03\/pagWE_2048x1024_Gallery_HISTORY_06-1024x576.png 1024w, https:\/\/www.logotel.it\/wp-content\/uploads\/2021\/03\/pagWE_2048x1024_Gallery_HISTORY_06-1536x864.png 1536w, https:\/\/www.logotel.it\/wp-content\/uploads\/2021\/03\/pagWE_2048x1024_Gallery_HISTORY_06-1568x882.png 1568w, https:\/\/www.logotel.it\/wp-content\/uploads\/2021\/03\/pagWE_2048x1024_Gallery_HISTORY_06-300x169@2x.png 600w\" sizes=\"(max-width: 2048px) 100vw, 2048px\" \/><\/div>\n\t\t\t<div class=\"wp-block-column is-5-columns lglt-block-step--info\">\n\t\t\t\t<div class=\"lglt-block-step--title\"><h3 class=\"h2\">2022<\/h3><\/div>\n\t\t\t\t<div class=\"lglt-block-step--desc\"><h4>Connecting Desires<\/h4> <p>Nel 2022 abbiamo liberato l\u2019immaginazione e siamo tornati a desiderare, insieme, un futuro sempre pi\u00f9 sostenibile, equo e inclusivo. Connecting Desires \u00e8 il filo rosso che orienta il nostro modo di progettare, relazionarci, vivere i ritrovati spazi in modalit\u00e0 ibrida. Con il progetto Webecome, piattaforma sviluppata per Intesa Sanpaolo e dedicata a studenti e docenti con l\u2019obiettivo di contrastare le forme di disagio giovanile e sensibilizzare sui temi della sostenibilit\u00e0, logotel vince il premio Aret\u00e8 per la comunicazione responsabile.<\/p> <\/div>\n\t\t\t<\/div>\n\t\t<\/div><\/div><\/div>\n<\/div><\/section>\n\n\n\n<hr class=\"wp-block-separator\"\/>\n\n\n\n<p><\/p>\n","protected":false},"excerpt":{"rendered":"","protected":false},"author":1,"featured_media":494,"parent":8850,"menu_order":0,"comment_status":"closed","ping_status":"closed","template":"","meta":{"inline_featured_image":false},"yoast_head":"<!-- This site is optimized with the Yoast SEO plugin v19.3 - https:\/\/yoast.com\/wordpress\/plugins\/seo\/ -->\n<title>About Logotel, Independent Design Company - Logotel<\/title>\n<meta name=\"description\" content=\"With a team of over 280 professionals between Milan, Paris, and Madrid, we collaboratively accompany the transformation of businesses and organizations.\" \/>\n<meta name=\"robots\" content=\"index, follow, max-snippet:-1, max-image-preview:large, max-video-preview:-1\" \/>\n<link rel=\"canonical\" href=\"https:\/\/www.logotel.it\/en\/about\/we\/\" \/>\n<meta property=\"og:locale\" content=\"en_US\" \/>\n<meta property=\"og:type\" content=\"article\" \/>\n<meta property=\"og:title\" content=\"About Logotel, Independent Design Company - Logotel\" \/>\n<meta property=\"og:description\" content=\"With a team of over 280 professionals between Milan, Paris, and Madrid, we collaboratively accompany the transformation of businesses and organizations.\" \/>\n<meta property=\"og:url\" content=\"https:\/\/www.logotel.it\/en\/about\/we\/\" \/>\n<meta property=\"og:site_name\" content=\"Logotel\" \/>\n<meta property=\"article:modified_time\" content=\"2024-04-04T15:05:21+00:00\" \/>\n<meta property=\"og:image\" content=\"https:\/\/www.logotel.it\/wp-content\/uploads\/2021\/03\/Header_WE_LogotelBuilding.jpg\" \/>\n\t<meta property=\"og:image:width\" content=\"4096\" \/>\n\t<meta property=\"og:image:height\" content=\"2304\" \/>\n\t<meta property=\"og:image:type\" content=\"image\/jpeg\" \/>\n<meta name=\"twitter:card\" content=\"summary_large_image\" \/>\n<meta name=\"twitter:label1\" content=\"Est. reading time\" \/>\n\t<meta name=\"twitter:data1\" content=\"8 minutes\" \/>\n<script type=\"application\/ld+json\" class=\"yoast-schema-graph\">{\"@context\":\"https:\/\/schema.org\",\"@graph\":[{\"@type\":\"WebSite\",\"@id\":\"https:\/\/www.logotel.it\/en\/#website\",\"url\":\"https:\/\/www.logotel.it\/en\/\",\"name\":\"Logotel\",\"description\":\"the independent design company\",\"potentialAction\":[{\"@type\":\"SearchAction\",\"target\":{\"@type\":\"EntryPoint\",\"urlTemplate\":\"https:\/\/www.logotel.it\/en\/?s={search_term_string}\"},\"query-input\":\"required name=search_term_string\"}],\"inLanguage\":\"en-US\"},{\"@type\":\"ImageObject\",\"inLanguage\":\"en-US\",\"@id\":\"https:\/\/www.logotel.it\/en\/about\/we\/#primaryimage\",\"url\":\"https:\/\/www.logotel.it\/wp-content\/uploads\/2021\/03\/Header_WE_LogotelBuilding.jpg\",\"contentUrl\":\"https:\/\/www.logotel.it\/wp-content\/uploads\/2021\/03\/Header_WE_LogotelBuilding.jpg\",\"width\":4096,\"height\":2304,\"caption\":\"L'edificio di logotel\"},{\"@type\":\"WebPage\",\"@id\":\"https:\/\/www.logotel.it\/en\/about\/we\/\",\"url\":\"https:\/\/www.logotel.it\/en\/about\/we\/\",\"name\":\"About Logotel, Independent Design Company - Logotel\",\"isPartOf\":{\"@id\":\"https:\/\/www.logotel.it\/en\/#website\"},\"primaryImageOfPage\":{\"@id\":\"https:\/\/www.logotel.it\/en\/about\/we\/#primaryimage\"},\"datePublished\":\"2021-03-16T09:20:07+00:00\",\"dateModified\":\"2024-04-04T15:05:21+00:00\",\"description\":\"With a team of over 280 professionals between Milan, Paris, and Madrid, we collaboratively accompany the transformation of businesses and organizations.\",\"breadcrumb\":{\"@id\":\"https:\/\/www.logotel.it\/en\/about\/we\/#breadcrumb\"},\"inLanguage\":\"en-US\",\"potentialAction\":[{\"@type\":\"ReadAction\",\"target\":[\"https:\/\/www.logotel.it\/en\/about\/we\/\"]}]},{\"@type\":\"BreadcrumbList\",\"@id\":\"https:\/\/www.logotel.it\/en\/about\/we\/#breadcrumb\",\"itemListElement\":[{\"@type\":\"ListItem\",\"position\":1,\"name\":\"About\",\"item\":\"https:\/\/www.logotel.it\/en\/about\/\"},{\"@type\":\"ListItem\",\"position\":2,\"name\":\"We\"}]}]}<\/script>\n<!-- \/ Yoast SEO plugin. -->","yoast_head_json":{"title":"About Logotel, Independent Design Company - Logotel","description":"With a team of over 280 professionals between Milan, Paris, and Madrid, we collaboratively accompany the transformation of businesses and organizations.","robots":{"index":"index","follow":"follow","max-snippet":"max-snippet:-1","max-image-preview":"max-image-preview:large","max-video-preview":"max-video-preview:-1"},"canonical":"https:\/\/www.logotel.it\/en\/about\/we\/","og_locale":"en_US","og_type":"article","og_title":"About Logotel, Independent Design Company - Logotel","og_description":"With a team of over 280 professionals between Milan, Paris, and Madrid, we collaboratively accompany the transformation of businesses and organizations.","og_url":"https:\/\/www.logotel.it\/en\/about\/we\/","og_site_name":"Logotel","article_modified_time":"2024-04-04T15:05:21+00:00","og_image":[{"width":4096,"height":2304,"url":"https:\/\/www.logotel.it\/wp-content\/uploads\/2021\/03\/Header_WE_LogotelBuilding.jpg","type":"image\/jpeg"}],"twitter_card":"summary_large_image","twitter_misc":{"Est. reading time":"8 minutes"},"schema":{"@context":"https:\/\/schema.org","@graph":[{"@type":"WebSite","@id":"https:\/\/www.logotel.it\/en\/#website","url":"https:\/\/www.logotel.it\/en\/","name":"Logotel","description":"the independent design company","potentialAction":[{"@type":"SearchAction","target":{"@type":"EntryPoint","urlTemplate":"https:\/\/www.logotel.it\/en\/?s={search_term_string}"},"query-input":"required name=search_term_string"}],"inLanguage":"en-US"},{"@type":"ImageObject","inLanguage":"en-US","@id":"https:\/\/www.logotel.it\/en\/about\/we\/#primaryimage","url":"https:\/\/www.logotel.it\/wp-content\/uploads\/2021\/03\/Header_WE_LogotelBuilding.jpg","contentUrl":"https:\/\/www.logotel.it\/wp-content\/uploads\/2021\/03\/Header_WE_LogotelBuilding.jpg","width":4096,"height":2304,"caption":"L'edificio di logotel"},{"@type":"WebPage","@id":"https:\/\/www.logotel.it\/en\/about\/we\/","url":"https:\/\/www.logotel.it\/en\/about\/we\/","name":"About Logotel, Independent Design Company - Logotel","isPartOf":{"@id":"https:\/\/www.logotel.it\/en\/#website"},"primaryImageOfPage":{"@id":"https:\/\/www.logotel.it\/en\/about\/we\/#primaryimage"},"datePublished":"2021-03-16T09:20:07+00:00","dateModified":"2024-04-04T15:05:21+00:00","description":"With a team of over 280 professionals between Milan, Paris, and Madrid, we collaboratively accompany the transformation of businesses and organizations.","breadcrumb":{"@id":"https:\/\/www.logotel.it\/en\/about\/we\/#breadcrumb"},"inLanguage":"en-US","potentialAction":[{"@type":"ReadAction","target":["https:\/\/www.logotel.it\/en\/about\/we\/"]}]},{"@type":"BreadcrumbList","@id":"https:\/\/www.logotel.it\/en\/about\/we\/#breadcrumb","itemListElement":[{"@type":"ListItem","position":1,"name":"About","item":"https:\/\/www.logotel.it\/en\/about\/"},{"@type":"ListItem","position":2,"name":"We"}]}]}},"wp:featuredmedia":[{"alt_text":"L'edificio di logotel","media_details":{"sizes":{"medium":{"file":"Header_WE_LogotelBuilding-300x169.jpg","width":300,"height":169,"mime-type":"image\/jpeg","source_url":"https:\/\/www.logotel.it\/wp-content\/uploads\/2021\/03\/Header_WE_LogotelBuilding-300x169.jpg"},"large":{"file":"Header_WE_LogotelBuilding-1024x576.jpg","width":1024,"height":576,"mime-type":"image\/jpeg","source_url":"https:\/\/www.logotel.it\/wp-content\/uploads\/2021\/03\/Header_WE_LogotelBuilding-1024x576.jpg"},"thumbnail":{"file":"Header_WE_LogotelBuilding-150x150.jpg","width":150,"height":150,"mime-type":"image\/jpeg","source_url":"https:\/\/www.logotel.it\/wp-content\/uploads\/2021\/03\/Header_WE_LogotelBuilding-150x150.jpg"},"1536x1536":{"file":"Header_WE_LogotelBuilding-1536x864.jpg","width":1536,"height":864,"mime-type":"image\/jpeg","source_url":"https:\/\/www.logotel.it\/wp-content\/uploads\/2021\/03\/Header_WE_LogotelBuilding-1536x864.jpg"},"2048x2048":{"file":"Header_WE_LogotelBuilding-2048x1152.jpg","width":2048,"height":1152,"mime-type":"image\/jpeg","source_url":"https:\/\/www.logotel.it\/wp-content\/uploads\/2021\/03\/Header_WE_LogotelBuilding-2048x1152.jpg"},"post-thumbnail":{"file":"Header_WE_LogotelBuilding-1568x882.jpg","width":1568,"height":882,"mime-type":"image\/jpeg","source_url":"https:\/\/www.logotel.it\/wp-content\/uploads\/2021\/03\/Header_WE_LogotelBuilding-1568x882.jpg"}}},"source_url":"https:\/\/www.logotel.it\/wp-content\/uploads\/2021\/03\/Header_WE_LogotelBuilding.jpg"}],"_links":{"self":[{"href":"https:\/\/www.logotel.it\/en\/wp-json\/wp\/v2\/pages\/3075"}],"collection":[{"href":"https:\/\/www.logotel.it\/en\/wp-json\/wp\/v2\/pages"}],"about":[{"href":"https:\/\/www.logotel.it\/en\/wp-json\/wp\/v2\/types\/page"}],"author":[{"embeddable":true,"href":"https:\/\/www.logotel.it\/en\/wp-json\/wp\/v2\/users\/1"}],"replies":[{"embeddable":true,"href":"https:\/\/www.logotel.it\/en\/wp-json\/wp\/v2\/comments?post=3075"}],"version-history":[{"count":48,"href":"https:\/\/www.logotel.it\/en\/wp-json\/wp\/v2\/pages\/3075\/revisions"}],"predecessor-version":[{"id":8872,"href":"https:\/\/www.logotel.it\/en\/wp-json\/wp\/v2\/pages\/3075\/revisions\/8872"}],"up":[{"embeddable":true,"href":"https:\/\/www.logotel.it\/en\/wp-json\/wp\/v2\/pages\/8850"}],"wp:featuredmedia":[{"embeddable":true,"href":"https:\/\/www.logotel.it\/en\/wp-json\/wp\/v2\/media\/494"}],"wp:attachment":[{"href":"https:\/\/www.logotel.it\/en\/wp-json\/wp\/v2\/media?parent=3075"}],"curies":[{"name":"wp","href":"https:\/\/api.w.org\/{rel}","templated":true}]}}